{"id":173,"date":"2020-09-13T16:23:55","date_gmt":"2020-09-13T14:23:55","guid":{"rendered":"http:\/\/palaisdeluppe.fr\/?page_id=173"},"modified":"2023-04-14T16:43:35","modified_gmt":"2023-04-14T14:43:35","slug":"le-palais","status":"publish","type":"page","link":"https:\/\/palaisdeluppe.fr\/?page_id=173","title":{"rendered":"Le Palais"},"content":{"rendered":"\n<figure class=\"wp-block-image size-large\"><img loading=\"lazy\" width=\"1024\" height=\"512\" src=\"http:\/\/palaisdeluppe.fr\/wp-content\/uploads\/2020\/09\/cropped-IMG_7890-scaled-2-1024x512.jpg\" alt=\"\" class=\"wp-image-252\" srcset=\"https:\/\/palaisdeluppe.fr\/wp-content\/uploads\/2020\/09\/cropped-IMG_7890-scaled-2-1024x512.jpg 1024w, https:\/\/palaisdeluppe.fr\/wp-content\/uploads\/2020\/09\/cropped-IMG_7890-scaled-2-300x150.jpg 300w, https:\/\/palaisdeluppe.fr\/wp-content\/uploads\/2020\/09\/cropped-IMG_7890-scaled-2-768x384.jpg 768w, https:\/\/palaisdeluppe.fr\/wp-content\/uploads\/2020\/09\/cropped-IMG_7890-scaled-2-1536x768.jpg 1536w, https:\/\/palaisdeluppe.fr\/wp-content\/uploads\/2020\/09\/cropped-IMG_7890-scaled-2.jpg 1600w\" sizes=\"(max-width: 1024px) 100vw, 1024px\" \/><\/figure>\n\n\n\n<p>Le Palais de Lupp\u00e9 est un ancien h\u00f4tel particulier du XVII\u00e8me agrandi et transform\u00e9 en palais de style florentin au d\u00e9but du XX\u00e8me si\u00e8cle par le Vicomte Gaston de Lupp\u00e9, sculpteur et m\u00e9c\u00e8ne. <\/p>\n\n\n\n<p>Les collections du palais comportent des \u0153uvres d&rsquo;artistes contemporains tels que Victor S\u00e9goffin, Leo Lel\u00e9e, Jean-Am\u00e9d\u00e9e Gibert, Bouny, Maximilien Fiot ou Marcel Dyf.<\/p>\n\n\n\n<p><\/p>\n\n\n\n<p><\/p>\n\n\n\n<div class=\"wp-block-media-text alignwide is-stacked-on-mobile\"><figure class=\"wp-block-media-text__media\"><img loading=\"lazy\" width=\"1024\" height=\"683\" src=\"http:\/\/palaisdeluppe.fr\/wp-content\/uploads\/2020\/09\/MG_7728-1024x683.jpg\" alt=\"\" class=\"wp-image-204 size-full\" srcset=\"https:\/\/palaisdeluppe.fr\/wp-content\/uploads\/2020\/09\/MG_7728-1024x683.jpg 1024w, https:\/\/palaisdeluppe.fr\/wp-content\/uploads\/2020\/09\/MG_7728-300x200.jpg 300w, https:\/\/palaisdeluppe.fr\/wp-content\/uploads\/2020\/09\/MG_7728-768x512.jpg 768w, https:\/\/palaisdeluppe.fr\/wp-content\/uploads\/2020\/09\/MG_7728-1536x1024.jpg 1536w, https:\/\/palaisdeluppe.fr\/wp-content\/uploads\/2020\/09\/MG_7728-2048x1365.jpg 2048w\" sizes=\"(max-width: 1024px) 100vw, 1024px\" \/><\/figure><div class=\"wp-block-media-text__content\">\n<p>En 2022 la peinture murale d&rsquo;Ariane et la chapelle ont re\u00e7u le soutient du Prix SOTHEBY&rsquo;S de la FONDATION MERIMEE<\/p>\n<\/div><\/div>\n\n\n\n<div class=\"wp-block-media-text alignwide is-stacked-on-mobile\"><figure class=\"wp-block-media-text__media\"><img loading=\"lazy\" width=\"1024\" height=\"768\" src=\"http:\/\/palaisdeluppe.fr\/wp-content\/uploads\/2020\/09\/P1010396-1024x768.jpg\" alt=\"\" class=\"wp-image-197 size-full\" srcset=\"https:\/\/palaisdeluppe.fr\/wp-content\/uploads\/2020\/09\/P1010396-1024x768.jpg 1024w, https:\/\/palaisdeluppe.fr\/wp-content\/uploads\/2020\/09\/P1010396-300x225.jpg 300w, https:\/\/palaisdeluppe.fr\/wp-content\/uploads\/2020\/09\/P1010396-768x576.jpg 768w, https:\/\/palaisdeluppe.fr\/wp-content\/uploads\/2020\/09\/P1010396-1536x1152.jpg 1536w, https:\/\/palaisdeluppe.fr\/wp-content\/uploads\/2020\/09\/P1010396-2048x1536.jpg 2048w, https:\/\/palaisdeluppe.fr\/wp-content\/uploads\/2020\/09\/P1010396-440x330.jpg 440w\" sizes=\"(max-width: 1024px) 100vw, 1024px\" \/><\/figure><div class=\"wp-block-media-text__content\">\n<p>d\u00e9corations murales de Jean-Am\u00e9d\u00e9e Gibert<\/p>\n\n\n\n<p>sculptures de Gaston de Lupp\u00e9, Victor S\u00e9goffin et Bouny<\/p>\n<\/div><\/div>\n\n\n\n<p><\/p>\n\n\n\n<div class=\"wp-block-media-text alignwide is-stacked-on-mobile\"><figure class=\"wp-block-media-text__media\"><img loading=\"lazy\" width=\"1024\" height=\"768\" src=\"http:\/\/palaisdeluppe.fr\/wp-content\/uploads\/2023\/04\/IMG_4746-1024x768.jpeg\" alt=\"\" class=\"wp-image-438 size-full\" srcset=\"https:\/\/palaisdeluppe.fr\/wp-content\/uploads\/2023\/04\/IMG_4746-1024x768.jpeg 1024w, https:\/\/palaisdeluppe.fr\/wp-content\/uploads\/2023\/04\/IMG_4746-300x225.jpeg 300w, https:\/\/palaisdeluppe.fr\/wp-content\/uploads\/2023\/04\/IMG_4746-768x576.jpeg 768w, https:\/\/palaisdeluppe.fr\/wp-content\/uploads\/2023\/04\/IMG_4746-1536x1152.jpeg 1536w, https:\/\/palaisdeluppe.fr\/wp-content\/uploads\/2023\/04\/IMG_4746-2048x1536.jpeg 2048w\" sizes=\"(max-width: 1024px) 100vw, 1024px\" \/><\/figure><div class=\"wp-block-media-text__content\">\n<p><\/p>\n<\/div><\/div>\n\n\n\n<div class=\"wp-block-media-text alignwide is-stacked-on-mobile\"><figure class=\"wp-block-media-text__media\"><img loading=\"lazy\" width=\"1024\" height=\"768\" src=\"http:\/\/palaisdeluppe.fr\/wp-content\/uploads\/2023\/04\/20200620_114722-1024x768.jpg\" alt=\"\" class=\"wp-image-440 size-full\" srcset=\"https:\/\/palaisdeluppe.fr\/wp-content\/uploads\/2023\/04\/20200620_114722-1024x768.jpg 1024w, https:\/\/palaisdeluppe.fr\/wp-content\/uploads\/2023\/04\/20200620_114722-300x225.jpg 300w, https:\/\/palaisdeluppe.fr\/wp-content\/uploads\/2023\/04\/20200620_114722-768x576.jpg 768w, https:\/\/palaisdeluppe.fr\/wp-content\/uploads\/2023\/04\/20200620_114722-1536x1152.jpg 1536w, https:\/\/palaisdeluppe.fr\/wp-content\/uploads\/2023\/04\/20200620_114722-2048x1536.jpg 2048w\" sizes=\"(max-width: 1024px) 100vw, 1024px\" \/><\/figure><div class=\"wp-block-media-text__content\">\n<p><\/p>\n<\/div><\/div>\n\n\n\n<div class=\"wp-block-media-text alignwide is-stacked-on-mobile\"><figure class=\"wp-block-media-text__media\"><img loading=\"lazy\" width=\"768\" height=\"1024\" src=\"http:\/\/palaisdeluppe.fr\/wp-content\/uploads\/2023\/04\/IMG-4815-768x1024.jpg\" alt=\"\" class=\"wp-image-441 size-full\" srcset=\"https:\/\/palaisdeluppe.fr\/wp-content\/uploads\/2023\/04\/IMG-4815-768x1024.jpg 768w, https:\/\/palaisdeluppe.fr\/wp-content\/uploads\/2023\/04\/IMG-4815-225x300.jpg 225w, https:\/\/palaisdeluppe.fr\/wp-content\/uploads\/2023\/04\/IMG-4815-1152x1536.jpg 1152w, https:\/\/palaisdeluppe.fr\/wp-content\/uploads\/2023\/04\/IMG-4815-1536x2048.jpg 1536w, https:\/\/palaisdeluppe.fr\/wp-content\/uploads\/2023\/04\/IMG-4815-scaled.jpg 1920w\" sizes=\"(max-width: 768px) 100vw, 768px\" \/><\/figure><div class=\"wp-block-media-text__content\">\n<p><\/p>\n<\/div><\/div>\n\n\n\n<div class=\"wp-block-media-text alignwide is-stacked-on-mobile\"><figure class=\"wp-block-media-text__media\"><\/figure><div class=\"wp-block-media-text__content\">\n<p><\/p>\n<\/div><\/div>\n","protected":false},"excerpt":{"rendered":"<p>Le Palais de Lupp\u00e9 est un ancien h\u00f4tel particulier du XVII\u00e8me agrandi et transform\u00e9 en palais de style florentin au d\u00e9but du XX\u00e8me si\u00e8cle par le Vicomte Gaston de Lupp\u00e9,<span class=\"more-button\"><a href=\"https:\/\/palaisdeluppe.fr\/?page_id=173\" class=\"more-link\">plus<span class=\"screen-reader-text\">Le Palais<\/span><\/a><\/span><\/p>\n","protected":false},"author":1,"featured_media":0,"parent":0,"menu_order":0,"comment_status":"closed","ping_status":"closed","template":"","meta":[],"_links":{"self":[{"href":"https:\/\/palaisdeluppe.fr\/index.php?rest_route=\/wp\/v2\/pages\/173"}],"collection":[{"href":"https:\/\/palaisdeluppe.fr\/index.php?rest_route=\/wp\/v2\/pages"}],"about":[{"href":"https:\/\/palaisdeluppe.fr\/index.php?rest_route=\/wp\/v2\/types\/page"}],"author":[{"embeddable":true,"href":"https:\/\/palaisdeluppe.fr\/index.php?rest_route=\/wp\/v2\/users\/1"}],"replies":[{"embeddable":true,"href":"https:\/\/palaisdeluppe.fr\/index.php?rest_route=%2Fwp%2Fv2%2Fcomments&post=173"}],"version-history":[{"count":28,"href":"https:\/\/palaisdeluppe.fr\/index.php?rest_route=\/wp\/v2\/pages\/173\/revisions"}],"predecessor-version":[{"id":442,"href":"https:\/\/palaisdeluppe.fr\/index.php?rest_route=\/wp\/v2\/pages\/173\/revisions\/442"}],"wp:attachment":[{"href":"https:\/\/palaisdeluppe.fr\/index.php?rest_route=%2Fwp%2Fv2%2Fmedia&parent=173"}],"curies":[{"name":"wp","href":"https:\/\/api.w.org\/{rel}","templated":true}]}}